{"id":72,"date":"2018-11-11T12:43:00","date_gmt":"2018-11-11T12:43:00","guid":{"rendered":"http:\/\/www.apartmaloucna.cz\/?page_id=72"},"modified":"2025-12-16T10:16:59","modified_gmt":"2025-12-16T10:16:59","slug":"cenik","status":"publish","type":"page","link":"https:\/\/www.apartmaloucna.cz\/index.php\/cenik\/","title":{"rendered":"Cen\u00edk"},"content":{"rendered":"\r\n\r\n\r\n<table style=\"height: 376px;\" width=\"327\">\r\n<tbody>\r\n<tr>\r\n<td width=\"100\">Zimn\u00ed sez\u00f3na:&nbsp;<\/td>\r\n<td colspan=\"2\" width=\"212\">prosinec &#8211; b\u0159ezen<\/td>\r\n<\/tr>\r\n<tr>\r\n<td>&nbsp;<\/td>\r\n<td>1 &#8211; 2 os.<\/td>\r\n<td>3 &#8211; 5 os.<\/td>\r\n<\/tr>\r\n<tr>\r\n<td>za noc<\/td>\r\n<td>1 300 K\u010d<\/td>\r\n<td>1 700K\u010d<\/td>\r\n<\/tr>\r\n<tr>\r\n<td colspan=\"3\">&nbsp;<\/td>\r\n<\/tr>\r\n<tr>\r\n<td>Letn\u00ed sez\u00f3na:&nbsp;<\/td>\r\n<td colspan=\"2\">\u010derven &#8211; z\u00e1\u0159\u00ed<\/td>\r\n<\/tr>\r\n<tr>\r\n<td>&nbsp;<\/td>\r\n<td>1 &#8211; 2 os.<\/td>\r\n<td>3 &#8211; 5 os.<\/td>\r\n<\/tr>\r\n<tr>\r\n<td>za noc<\/td>\r\n<td>1 600 K\u010d<\/td>\r\n<td>1 800 K\u010d<\/td>\r\n<\/tr>\r\n<tr>\r\n<td colspan=\"3\">&nbsp;<\/td>\r\n<\/tr>\r\n<tr>\r\n<td>Mimo sez\u00f3nu<\/td>\r\n<td colspan=\"2\">duben, kv\u011bten, \u0159\u00edjen, listopad<\/td>\r\n<\/tr>\r\n<tr>\r\n<td>&nbsp;<\/td>\r\n<td>1 &#8211; 2 os.<\/td>\r\n<td>3 &#8211; 5 os.<\/td>\r\n<\/tr>\r\n<tr>\r\n<td>za noc<\/td>\r\n<td>1 200 K\u010d<\/td>\r\n<td>1 600 K\u010d<\/td>\r\n<\/tr>\r\n<\/tbody>\r\n<\/table>\r\n<h3 class=\"wp-block-heading\">Podm\u00ednky<\/h3>\r\n\r\n\r\n\r\n<p class=\"has-text-color has-medium-font-size has-very-dark-gray-color\"><strong>V&nbsp;cen\u011b ubytov\u00e1n\u00ed:<\/strong>&nbsp; z\u00e1v\u011bre\u010dn\u00fd \u00faklid, parkov\u00e1n\u00ed, p\u0159ipojen\u00ed WiFi, lo\u017en\u00ed pr\u00e1dlo, ru\u010dn\u00edky dle po\u010dtu osob, m\u00fddlo, toaletn\u00ed pap\u00edr. <strong>Z\u00e1loha:<\/strong> po potvrzen\u00ed rezervace bude zasl\u00e1na z\u00e1loha na 50 % z&nbsp;celkov\u00e9 \u010d\u00e1stky. Doplatek bude uhrazen p\u0159evodem na \u00fa\u010det 15 dn\u00ed p\u0159ed p\u0159\u00edjezdem. V&nbsp;p\u0159\u00edpad\u011b, \u017ee z\u00e1lohov\u00e1 faktura nebude uhrazena ve stanoven\u00e9m term\u00ednu, rezervace se zru\u0161\u00ed.<\/p>\r\n<p class=\"has-text-color has-medium-font-size has-very-dark-gray-color\"><strong>Storno podm\u00ednky:<\/strong> 15 dn\u00ed p\u0159ed p\u0159\u00edjezdem \u2013 bezplatn\u00e9 storno; m\u00e9n\u011b ne\u017e 14 dn\u00ed p\u0159ed p\u0159\u00edjezdem \u2013 100 % z&nbsp;celkov\u00e9 ceny.<\/p>\r\n\r\n\r\n\r\n<p class=\"has-text-color has-medium-font-size has-very-dark-gray-color\"><strong>Z\u00e1loha p\u0159i p\u0159\u00edjezdu<\/strong>: p\u0159i p\u0159\u00edjezdu je vy\u017eadov\u00e1na z\u00e1loha ve v\u00fd\u0161i 2.000 K\u010d, kter\u00e1 bude navr\u00e1cena p\u0159i odjezdu po p\u0159evzet\u00ed apartm\u00e1nu.<\/p>\r\n\r\n\r\n\r\n<p class=\"has-text-color has-medium-font-size has-very-dark-gray-color\"><strong>P\u0159\u00edjezd:<\/strong> od 14.00 hod. do 20.00 hod.<\/p>\r\n\r\n\r\n\r\n<p class=\"has-text-color has-medium-font-size has-very-dark-gray-color\"><strong>Odjezd<\/strong>: od 8.00 hod. do 10.00 hod.<\/p>\r\n<p>Cena nezahrnuje pobytovou taxu.&nbsp;<\/p>\r\n\r\n\r\n\r\n<p class=\"has-text-color has-medium-font-size has-very-dark-gray-color\"><strong>Apartm\u00e1n je bez servisu person\u00e1lu.&nbsp;<\/strong><\/p>\r\n","protected":false},"excerpt":{"rendered":"<p>Zimn\u00ed sez\u00f3na:&nbsp; prosinec &#8211; b\u0159ezen &nbsp; 1 &#8211; 2 os. 3 &#8211; 5 os. za noc 1 300 K\u010d 1 700K\u010d &nbsp; Letn\u00ed sez\u00f3na:&nbsp; \u010derven &#8211; z\u00e1\u0159\u00ed &nbsp; 1 &#8211; 2 os. 3 &#8211; 5 os. za noc 1 600<\/p>\n","protected":false},"author":1,"featured_media":0,"parent":0,"menu_order":0,"comment_status":"closed","ping_status":"closed","template":"","meta":{"ngg_post_thumbnail":0,"footnotes":""},"class_list":["post-72","page","type-page","status-publish","hentry"],"_links":{"self":[{"href":"https:\/\/www.apartmaloucna.cz\/index.php\/wp-json\/wp\/v2\/pages\/72","targetHints":{"allow":["GET"]}}],"collection":[{"href":"https:\/\/www.apartmaloucna.cz\/index.php\/wp-json\/wp\/v2\/pages"}],"about":[{"href":"https:\/\/www.apartmaloucna.cz\/index.php\/wp-json\/wp\/v2\/types\/page"}],"author":[{"embeddable":true,"href":"https:\/\/www.apartmaloucna.cz\/index.php\/wp-json\/wp\/v2\/users\/1"}],"replies":[{"embeddable":true,"href":"https:\/\/www.apartmaloucna.cz\/index.php\/wp-json\/wp\/v2\/comments?post=72"}],"version-history":[{"count":62,"href":"https:\/\/www.apartmaloucna.cz\/index.php\/wp-json\/wp\/v2\/pages\/72\/revisions"}],"predecessor-version":[{"id":985,"href":"https:\/\/www.apartmaloucna.cz\/index.php\/wp-json\/wp\/v2\/pages\/72\/revisions\/985"}],"wp:attachment":[{"href":"https:\/\/www.apartmaloucna.cz\/index.php\/wp-json\/wp\/v2\/media?parent=72"}],"curies":[{"name":"wp","href":"https:\/\/api.w.org\/{rel}","templated":true}]}}